{"id":2154,"date":"2014-07-15T14:02:29","date_gmt":"2014-07-15T14:02:29","guid":{"rendered":"http:\/\/aligator.cristaleria-aligator.com\/?page_id=2154"},"modified":"2015-12-18T10:09:04","modified_gmt":"2015-12-18T10:09:04","slug":"vertikal-markisen-warema","status":"publish","type":"page","link":"https:\/\/grupo-aligator.com\/es\/vertikal-markisen-warema\/","title":{"rendered":"Persianas verticales"},"content":{"rendered":"<div id=\"aligator-logo-es\"><\/div>\n<div class=\"toldos-top-logo\"><img decoding=\"async\" src=\"\/wp-content\/uploads\/2013\/09\/warema-logo.png\" \/><\/div>\n<div id=\"toldos-aligator-description\" class=\"small-text-description\">\n<p>Las persianas verticales de WAREMA son funcionales y discretas; ofrecen protecci\u00f3n solar para fachadas verticales y grandes ventanales. Un detalle atractivo: En lugar de una caja, el toldo puede tambi\u00e9n desaparecer detr\u00e1s de una abertura circular. Los dise\u00f1os de nuestros toldos, as\u00ed como m\u00faltiples colores de la estructura completan la gama.<\/p>\n<\/div>\n<div id=\"toldos-menu-content\">\n<div id=\"toldos-menu-line-1\">\n<div class=\"toldos-menu\"><a href=\"http:\/\/grupo-aligator.com\/es\/vertikal-markisen-model-201-204\/\" id=\"toldos-vertikal-markisen-menu-item-1\">Modelo 201 &#8211; 204<\/a><\/div>\n<div class=\"toldos-menu\"><a href=\"http:\/\/grupo-aligator.com\/es\/vertikal-markisen-model-207\/\" id=\"toldos-vertikal-markisen-menu-item-2\">Modelo 207<\/a><\/div>\n<div class=\"toldos-menu\"><a href=\"http:\/\/grupo-aligator.com\/es\/vertikal-markisen-model-209\/\" id=\"toldos-vertikal-markisen-menu-item-3\">Modelo 209<\/a><\/div>\n<\/div>\n<div id=\"toldos-menu-line-2\">\n<div class=\"toldos-menu\"><a href=\"http:\/\/grupo-aligator.com\/es\/vertikal-markisen-model-450\/\" id=\"toldos-vertikal-markisen-menu-item-4\">Modelo 450<\/a><\/div>\n<div class=\"toldos-menu\"><a href=\"http:\/\/grupo-aligator.com\/es\/vertikal-markisen-model-470\/\" id=\"toldos-vertikal-markisen-menu-item-5\">Modelo 470<\/a><\/div>\n<\/div>\n<div id=\"toldos-menu-line-3\">\n<div class=\"toldos-menu\"><a href=\"http:\/\/grupo-aligator.com\/es\/vertikal-markisen-model-490\/\" id=\"toldos-vertikal-markisen-menu-item-6\">Modelo 490<\/a><\/div>\n<\/div>\n<div id=\"toldos-menu-line-4\">\n<div class=\"toldos-menu\"><a href=\"http:\/\/grupo-aligator.com\/es\/vertikal-markisen-model-499\/\" id=\"toldos-vertikal-markisen-menu-item-7\">Modelo 499<\/a><\/div>\n<div class=\"toldos-menu\"><a href=\"http:\/\/grupo-aligator.com\/es\/vertikal-markisen-model-zip-f-fm-and-v-fm\/\" id=\"toldos-vertikal-markisen-menu-item-8\" style=\"font-size: 12px;\">Modelo zip F-FM &#038; V-FM<\/a><\/div>\n<\/div>\n<div id=\"toldos-menu-line-5\">\n<div class=\"toldos-menu\"><a href=\"http:\/\/grupo-aligator.com\/es\/vertikal-markisen-model-zip-stab-fuhrung\/\" id=\"toldos-vertikal-markisen-menu-item-9\" class=\"double-line\">Modelo zip Stab-F\u00fchrung<\/a><\/div>\n<\/div>\n<\/div>\n<div class=\"toldos-menu-images\">\n<p><img decoding=\"async\" id=\"toldos-vertikal-markisen-menu-item-1-img\" src=\"\/wp-content\/uploads\/2014\/07\/vertikal-markisen-warema-201-204.jpg\" \/><\/p>\n<p><img decoding=\"async\" id=\"toldos-vertikal-markisen-menu-item-2-img\" src=\"\/wp-content\/uploads\/2014\/07\/vertikal-markisen-warema-207.jpg\" \/><\/p>\n<p><img decoding=\"async\" id=\"toldos-vertikal-markisen-menu-item-3-img\" src=\"\/wp-content\/uploads\/2014\/07\/vertikal-markisen-warema-209.jpg\" \/><\/p>\n<p><img decoding=\"async\" id=\"toldos-vertikal-markisen-menu-item-4-img\" src=\"\/wp-content\/uploads\/2014\/07\/vertikal-markisen-warema-450.jpg\" \/><\/p>\n<p><img decoding=\"async\" id=\"toldos-vertikal-markisen-menu-item-5-img\" src=\"\/wp-content\/uploads\/2014\/07\/vertikal-markisen-warema-470.jpg\" \/><\/p>\n<p><img decoding=\"async\" id=\"toldos-vertikal-markisen-menu-item-6-img\" src=\"\/wp-content\/uploads\/2014\/07\/vertikal-markisen-warema-490.jpg\" \/><\/p>\n<p><img decoding=\"async\" id=\"toldos-vertikal-markisen-menu-item-7-img\" src=\"\/wp-content\/uploads\/2014\/07\/vertikal-markisen-warema-499.jpg\" \/><\/p>\n<p><img decoding=\"async\" id=\"toldos-vertikal-markisen-menu-item-8-img\" src=\"\/wp-content\/uploads\/2014\/07\/vertikal-markisen-warema-f-fm-v-fm.jpg\" \/><\/p>\n<p><img decoding=\"async\" id=\"toldos-vertikal-markisen-menu-item-9-img\" src=\"\/wp-content\/uploads\/2014\/07\/vertikal-markisen-warema-zip-stab-fuhrung.jpg\" \/><\/p>\n<\/div>\n<p><script type=\"text\/javascript\">\n$(function() {\n    $('#toldos-vertikal-markisen-menu-item-1').hover(function() { \n        $('#toldos-vertikal-markisen-menu-item-1-img').show(); \n    }, function() { \n        $('#toldos-vertikal-markisen-menu-item-1-img').hide(); \n    });\n    $('#toldos-vertikal-markisen-menu-item-2').hover(function() { \n        $('#toldos-vertikal-markisen-menu-item-2-img').show(); \n    }, function() { \n        $('#toldos-vertikal-markisen-menu-item-2-img').hide(); \n    });\n    $('#toldos-vertikal-markisen-menu-item-3').hover(function() { \n        $('#toldos-vertikal-markisen-menu-item-3-img').show(); \n    }, function() { \n        $('#toldos-vertikal-markisen-menu-item-3-img').hide(); \n    });\n    $('#toldos-vertikal-markisen-menu-item-4').hover(function() { \n        $('#toldos-vertikal-markisen-menu-item-4-img').show(); \n    }, function() { \n        $('#toldos-vertikal-markisen-menu-item-4-img').hide(); \n    });\n    $('#toldos-vertikal-markisen-menu-item-5').hover(function() { \n        $('#toldos-vertikal-markisen-menu-item-5-img').show(); \n    }, function() { \n        $('#toldos-vertikal-markisen-menu-item-5-img').hide(); \n    });\n    $('#toldos-vertikal-markisen-menu-item-6').hover(function() { \n        $('#toldos-vertikal-markisen-menu-item-6-img').show(); \n    }, function() { \n        $('#toldos-vertikal-markisen-menu-item-6-img').hide(); \n    });\n    $('#toldos-vertikal-markisen-menu-item-7').hover(function() { \n        $('#toldos-vertikal-markisen-menu-item-7-img').show(); \n    }, function() { \n        $('#toldos-vertikal-markisen-menu-item-7-img').hide(); \n    });\n    $('#toldos-vertikal-markisen-menu-item-8').hover(function() { \n        $('#toldos-vertikal-markisen-menu-item-8-img').show(); \n    }, function() { \n        $('#toldos-vertikal-markisen-menu-item-8-img').hide(); \n    });\n    $('#toldos-vertikal-markisen-menu-item-9').hover(function() { \n        $('#toldos-vertikal-markisen-menu-item-9-img').show(); \n    }, function() { \n        $('#toldos-vertikal-markisen-menu-item-9-img').hide(); \n    });\n});\n<\/script><\/p>\n","protected":false},"excerpt":{"rendered":"<p>Las persianas verticales de WAREMA son funcionales y discretas; ofrecen protecci\u00f3n solar para fachadas verticales y grandes ventanales. Un detalle atractivo: En lugar de una caja, el toldo puede tambi\u00e9n desaparecer detr\u00e1s de una abertura circular. Los dise\u00f1os de nuestros toldos, as\u00ed como m\u00faltiples colores de la estructura completan la gama. Modelo 201 &#8211; 204 Modelo 207 Modelo 209 Modelo 450 Modelo 470 Modelo 490 Modelo 499 Modelo zip<span class=\"ellipsis\">&hellip;<\/span><\/p>\n<div class=\"read-more\"><a href=\"https:\/\/grupo-aligator.com\/es\/vertikal-markisen-warema\/\">Read More&#8230;<\/a><\/div>\n<p><!-- end of .read-more --><\/p>\n","protected":false},"author":1,"featured_media":0,"parent":0,"menu_order":0,"comment_status":"open","ping_status":"open","template":"category-page.php","meta":[],"yoast_head":"<!-- This site is optimized with the Yoast SEO plugin v19.11 - https:\/\/yoast.com\/wordpress\/plugins\/seo\/ -->\n<title>Persianas verticales Mijas, Tarifa, Malaga, Marbella, Torrox - Cristaleria Aligator<\/title>\n<meta name=\"description\" content=\"Persianas verticales Mijas, Tarifa, Malaga, Marbella, Torrox - Cristaleria Aligator tambi\u00e9n instala jard\u00edn de invierno, cortinas de vidrio en Sotogrande Costa del Sol\" \/>\n<meta name=\"robots\" content=\"index, follow, max-snippet:-1, max-image-preview:large, max-video-preview:-1\" \/>\n<link rel=\"canonical\" href=\"https:\/\/grupo-aligator.com\/es\/vertikal-markisen-warema\/\" \/>\n<meta property=\"og:locale\" content=\"es_ES\" \/>\n<meta property=\"og:type\" content=\"article\" \/>\n<meta property=\"og:title\" content=\"Persianas verticales Mijas, Tarifa, Malaga, Marbella, Torrox - Cristaleria Aligator\" \/>\n<meta property=\"og:description\" content=\"Persianas verticales Mijas, Tarifa, Malaga, Marbella, Torrox - Cristaleria Aligator tambi\u00e9n instala jard\u00edn de invierno, cortinas de vidrio en Sotogrande Costa del Sol\" \/>\n<meta property=\"og:url\" content=\"https:\/\/grupo-aligator.com\/es\/vertikal-markisen-warema\/\" \/>\n<meta property=\"article:modified_time\" content=\"2015-12-18T10:09:04+00:00\" \/>\n<meta name=\"twitter:card\" content=\"summary_large_image\" \/>\n<script type=\"application\/ld+json\" class=\"yoast-schema-graph\">{\"@context\":\"https:\/\/schema.org\",\"@graph\":[{\"@type\":\"WebPage\",\"@id\":\"https:\/\/grupo-aligator.com\/es\/vertikal-markisen-warema\/\",\"url\":\"https:\/\/grupo-aligator.com\/es\/vertikal-markisen-warema\/\",\"name\":\"Persianas verticales Mijas, Tarifa, Malaga, Marbella, Torrox - Cristaleria Aligator\",\"isPartOf\":{\"@id\":\"https:\/\/grupo-aligator.com\/es\/#website\"},\"datePublished\":\"2014-07-15T14:02:29+00:00\",\"dateModified\":\"2015-12-18T10:09:04+00:00\",\"description\":\"Persianas verticales Mijas, Tarifa, Malaga, Marbella, Torrox - Cristaleria Aligator tambi\u00e9n instala jard\u00edn de invierno, cortinas de vidrio en Sotogrande Costa del Sol\",\"breadcrumb\":{\"@id\":\"https:\/\/grupo-aligator.com\/es\/vertikal-markisen-warema\/#breadcrumb\"},\"inLanguage\":\"es\",\"potentialAction\":[{\"@type\":\"ReadAction\",\"target\":[\"https:\/\/grupo-aligator.com\/es\/vertikal-markisen-warema\/\"]}]},{\"@type\":\"BreadcrumbList\",\"@id\":\"https:\/\/grupo-aligator.com\/es\/vertikal-markisen-warema\/#breadcrumb\",\"itemListElement\":[{\"@type\":\"ListItem\",\"position\":1,\"name\":\"Home\",\"item\":\"https:\/\/grupo-aligator.com\/es\/\"},{\"@type\":\"ListItem\",\"position\":2,\"name\":\"Persianas verticales\"}]},{\"@type\":\"WebSite\",\"@id\":\"https:\/\/grupo-aligator.com\/es\/#website\",\"url\":\"https:\/\/grupo-aligator.com\/es\/\",\"name\":\"\",\"description\":\"\",\"publisher\":{\"@id\":\"https:\/\/grupo-aligator.com\/es\/#organization\"},\"potentialAction\":[{\"@type\":\"SearchAction\",\"target\":{\"@type\":\"EntryPoint\",\"urlTemplate\":\"https:\/\/grupo-aligator.com\/es\/?s={search_term_string}\"},\"query-input\":\"required name=search_term_string\"}],\"inLanguage\":\"es\"},{\"@type\":\"Organization\",\"@id\":\"https:\/\/grupo-aligator.com\/es\/#organization\",\"name\":\"Cristaleria Aligator S.L.\",\"url\":\"https:\/\/grupo-aligator.com\/es\/\",\"logo\":{\"@type\":\"ImageObject\",\"inLanguage\":\"es\",\"@id\":\"https:\/\/grupo-aligator.com\/es\/#\/schema\/logo\/image\/\",\"url\":\"http:\/\/grupo-aligator.com\/wp-content\/uploads\/2019\/11\/aligator-logo-de.png\",\"contentUrl\":\"http:\/\/grupo-aligator.com\/wp-content\/uploads\/2019\/11\/aligator-logo-de.png\",\"width\":150,\"height\":160,\"caption\":\"Cristaleria Aligator S.L.\"},\"image\":{\"@id\":\"https:\/\/grupo-aligator.com\/es\/#\/schema\/logo\/image\/\"}}]}<\/script>\n<!-- \/ Yoast SEO plugin. -->","yoast_head_json":{"title":"Persianas verticales Mijas, Tarifa, Malaga, Marbella, Torrox - Cristaleria Aligator","description":"Persianas verticales Mijas, Tarifa, Malaga, Marbella, Torrox - Cristaleria Aligator tambi\u00e9n instala jard\u00edn de invierno, cortinas de vidrio en Sotogrande Costa del Sol","robots":{"index":"index","follow":"follow","max-snippet":"max-snippet:-1","max-image-preview":"max-image-preview:large","max-video-preview":"max-video-preview:-1"},"canonical":"https:\/\/grupo-aligator.com\/es\/vertikal-markisen-warema\/","og_locale":"es_ES","og_type":"article","og_title":"Persianas verticales Mijas, Tarifa, Malaga, Marbella, Torrox - Cristaleria Aligator","og_description":"Persianas verticales Mijas, Tarifa, Malaga, Marbella, Torrox - Cristaleria Aligator tambi\u00e9n instala jard\u00edn de invierno, cortinas de vidrio en Sotogrande Costa del Sol","og_url":"https:\/\/grupo-aligator.com\/es\/vertikal-markisen-warema\/","article_modified_time":"2015-12-18T10:09:04+00:00","twitter_card":"summary_large_image","schema":{"@context":"https:\/\/schema.org","@graph":[{"@type":"WebPage","@id":"https:\/\/grupo-aligator.com\/es\/vertikal-markisen-warema\/","url":"https:\/\/grupo-aligator.com\/es\/vertikal-markisen-warema\/","name":"Persianas verticales Mijas, Tarifa, Malaga, Marbella, Torrox - Cristaleria Aligator","isPartOf":{"@id":"https:\/\/grupo-aligator.com\/es\/#website"},"datePublished":"2014-07-15T14:02:29+00:00","dateModified":"2015-12-18T10:09:04+00:00","description":"Persianas verticales Mijas, Tarifa, Malaga, Marbella, Torrox - Cristaleria Aligator tambi\u00e9n instala jard\u00edn de invierno, cortinas de vidrio en Sotogrande Costa del Sol","breadcrumb":{"@id":"https:\/\/grupo-aligator.com\/es\/vertikal-markisen-warema\/#breadcrumb"},"inLanguage":"es","potentialAction":[{"@type":"ReadAction","target":["https:\/\/grupo-aligator.com\/es\/vertikal-markisen-warema\/"]}]},{"@type":"BreadcrumbList","@id":"https:\/\/grupo-aligator.com\/es\/vertikal-markisen-warema\/#breadcrumb","itemListElement":[{"@type":"ListItem","position":1,"name":"Home","item":"https:\/\/grupo-aligator.com\/es\/"},{"@type":"ListItem","position":2,"name":"Persianas verticales"}]},{"@type":"WebSite","@id":"https:\/\/grupo-aligator.com\/es\/#website","url":"https:\/\/grupo-aligator.com\/es\/","name":"","description":"","publisher":{"@id":"https:\/\/grupo-aligator.com\/es\/#organization"},"potentialAction":[{"@type":"SearchAction","target":{"@type":"EntryPoint","urlTemplate":"https:\/\/grupo-aligator.com\/es\/?s={search_term_string}"},"query-input":"required name=search_term_string"}],"inLanguage":"es"},{"@type":"Organization","@id":"https:\/\/grupo-aligator.com\/es\/#organization","name":"Cristaleria Aligator S.L.","url":"https:\/\/grupo-aligator.com\/es\/","logo":{"@type":"ImageObject","inLanguage":"es","@id":"https:\/\/grupo-aligator.com\/es\/#\/schema\/logo\/image\/","url":"http:\/\/grupo-aligator.com\/wp-content\/uploads\/2019\/11\/aligator-logo-de.png","contentUrl":"http:\/\/grupo-aligator.com\/wp-content\/uploads\/2019\/11\/aligator-logo-de.png","width":150,"height":160,"caption":"Cristaleria Aligator S.L."},"image":{"@id":"https:\/\/grupo-aligator.com\/es\/#\/schema\/logo\/image\/"}}]}},"_links":{"self":[{"href":"https:\/\/grupo-aligator.com\/es\/wp-json\/wp\/v2\/pages\/2154"}],"collection":[{"href":"https:\/\/grupo-aligator.com\/es\/wp-json\/wp\/v2\/pages"}],"about":[{"href":"https:\/\/grupo-aligator.com\/es\/wp-json\/wp\/v2\/types\/page"}],"author":[{"embeddable":true,"href":"https:\/\/grupo-aligator.com\/es\/wp-json\/wp\/v2\/users\/1"}],"replies":[{"embeddable":true,"href":"https:\/\/grupo-aligator.com\/es\/wp-json\/wp\/v2\/comments?post=2154"}],"version-history":[{"count":7,"href":"https:\/\/grupo-aligator.com\/es\/wp-json\/wp\/v2\/pages\/2154\/revisions"}],"predecessor-version":[{"id":5507,"href":"https:\/\/grupo-aligator.com\/es\/wp-json\/wp\/v2\/pages\/2154\/revisions\/5507"}],"wp:attachment":[{"href":"https:\/\/grupo-aligator.com\/es\/wp-json\/wp\/v2\/media?parent=2154"}],"curies":[{"name":"wp","href":"https:\/\/api.w.org\/{rel}","templated":true}]}}