{"id":2260,"date":"2014-07-15T15:27:51","date_gmt":"2014-07-15T15:27:51","guid":{"rendered":"http:\/\/aligator.cristaleria-aligator.com\/?page_id=2260"},"modified":"2019-11-22T01:38:45","modified_gmt":"2019-11-21T23:38:45","slug":"raffstore-jalousien-marbella","status":"publish","type":"page","link":"https:\/\/grupo-aligator.com\/de\/raffstore-jalousien-marbella\/","title":{"rendered":"Raffstore &#038; Jalousien"},"content":{"rendered":"<div id=\"aligator-logo-de\"><\/div>\n<div class=\"toldos-top-logo\"><img decoding=\"async\" src=\"\/wp-content\/uploads\/2013\/09\/warema-logo.png\" alt=\"\" \/><\/div>\n<div id=\"toldos-aligator-description\">\n<p>Raffstore &amp; Jalousien &#8211; Die idealen Schattenspender f\u00fcr jede Situation<\/p>\n<p>&nbsp;<\/p>\n<p>Da wir an der Costa del Sol \u00fcber 300 Tage Sonne haben, ben\u00f6tigt man immer das richtige Produkt um genug Schatten zu haben. Raffstore &amp; Jalousien bieten Ihnen einen individuellen Sonneschutz.<\/p>\n<p>&nbsp;<\/p>\n<p>Wir stellen Ihnen hier unser Produktsortiment vor, um f\u00fcr Ihre Situation den richtigen Schattenspender zu finden!<\/p>\n<\/div>\n<div id=\"toldos-menu-content\">\n<div id=\"toldos-menu-line-1\">\n<div class=\"toldos-menu\"><a id=\"toldos-markisen-menu-item-1\" style=\"font-size: 14px;\" href=\"http:\/\/grupo-aligator.com\/de\/ausen-jalousien\/\">Au\u00dfen-Jalousien<\/a><\/div>\n<div class=\"toldos-menu\"><a id=\"toldos-markisen-menu-item-2\" class=\"double-line\" style=\"font-size: 14px;\" href=\"http:\/\/grupo-aligator.com\/de\/fenster-system-raffstore\/\">Fenster-System-Raffstore<\/a><\/div>\n<\/div>\n<div id=\"toldos-menu-line-2\">\n<div class=\"toldos-menu\"><a id=\"toldos-markisen-menu-item-3\" style=\"font-size: 14px;\" href=\"http:\/\/grupo-aligator.com\/de\/fix-lamellen-system\/\">FIX Lamellen-System<\/a><\/div>\n<div class=\"toldos-menu\"><a id=\"toldos-markisen-menu-item-4\" style=\"font-size: 14px;\" href=\"http:\/\/grupo-aligator.com\/de\/freitragende-raffstore\/\">Freitragende-Raffstore<\/a><\/div>\n<\/div>\n<div id=\"toldos-menu-line-3\">\n<div class=\"toldos-menu\"><a id=\"toldos-markisen-menu-item-5\" class=\"double-line\" style=\"font-size: 14px;\" href=\"http:\/\/grupo-aligator.com\/de\/mit-abdunkelungs-lamellen\/\">mit Abdunkelungs-Lamellen<\/a><\/div>\n<\/div>\n<div id=\"toldos-menu-line-4\">\n<div class=\"toldos-menu\"><a id=\"toldos-markisen-menu-item-6\" style=\"font-size: 14px;\" href=\"http:\/\/grupo-aligator.com\/de\/mit-flachlamellen\/\">mit Flachlamellen<\/a><\/div>\n<div class=\"toldos-menu\"><a id=\"toldos-markisen-menu-item-7\" class=\"double-line\" style=\"font-size: 14px;\" href=\"http:\/\/grupo-aligator.com\/de\/mit-randgebordelten-lamellen\/\">mit Randgeb\u00f6rdelten Lamellen<\/a><\/div>\n<\/div>\n<div id=\"toldos-menu-line-5\">\n<div class=\"toldos-menu\"><a id=\"toldos-markisen-menu-item-8\" class=\"double-line\" style=\"font-size: 14px;\" href=\"http:\/\/grupo-aligator.com\/de\/neubau-aufsetz-raffstoren\/\">Neubau-Aufsetz-Raffstoren<\/a><\/div>\n<\/div>\n<div id=\"toldos-menu-line-6\">\n<div class=\"toldos-menu\"><a id=\"toldos-markisen-menu-item-9\" style=\"font-size: 14px;\" href=\"http:\/\/grupo-aligator.com\/de\/schrag-raffstore\/\">Schr\u00e4g-Raffstore<\/a><\/div>\n<div class=\"toldos-menu\"><a id=\"toldos-markisen-menu-item-10\" style=\"font-size: 14px;\" href=\"http:\/\/grupo-aligator.com\/de\/vorbau-raffstore\/\">Vorbau-Raffstore<\/a><\/div>\n<\/div>\n<div id=\"toldos-menu-line-7\">\n<div class=\"toldos-menu\"><a id=\"toldos-markisen-menu-item-11\" style=\"font-size: 14px;\" href=\"http:\/\/grupo-aligator.com\/de\/windstabil\/\">Windstabil<\/a><\/div>\n<div class=\"toldos-menu\"><a id=\"toldos-markisen-menu-item-12\" style=\"font-size: 14px;\" href=\"http:\/\/grupo-aligator.com\/de\/zusatzausstattung\/\">Zusatzausstattung<\/a><\/div>\n<\/div>\n<\/div>\n<div class=\"toldos-menu-images\">\n<p><img decoding=\"async\" id=\"toldos-markisen-menu-item-1-img\" src=\"\/wp-content\/uploads\/2013\/09\/raffstore-cat.jpg\" alt=\"\" \/><\/p>\n<p><img decoding=\"async\" id=\"toldos-markisen-menu-item-2-img\" src=\"\/wp-content\/uploads\/2014\/07\/fenster-system-raffstore.jpg\" alt=\"\" \/><\/p>\n<p><img decoding=\"async\" id=\"toldos-markisen-menu-item-3-img\" src=\"\/wp-content\/uploads\/2014\/07\/fix-lamellen-system.jpg\" alt=\"\" \/><\/p>\n<p><img decoding=\"async\" id=\"toldos-markisen-menu-item-4-img\" src=\"\/wp-content\/uploads\/2014\/07\/freitragende-raffstore.jpg\" alt=\"\" \/><\/p>\n<p><img decoding=\"async\" id=\"toldos-markisen-menu-item-5-img\" src=\"\/wp-content\/uploads\/2014\/07\/mit-abdunkelungs-lamellen.jpg\" alt=\"\" \/><\/p>\n<p><img decoding=\"async\" id=\"toldos-markisen-menu-item-6-img\" src=\"\/wp-content\/uploads\/2014\/07\/mit-flachlamellen.jpg\" alt=\"\" \/><\/p>\n<p><img decoding=\"async\" id=\"toldos-markisen-menu-item-7-img\" src=\"\/wp-content\/uploads\/2014\/07\/mit-randgeb\u00f6rdelten-lamellen.jpg\" alt=\"\" \/><\/p>\n<p><img decoding=\"async\" id=\"toldos-markisen-menu-item-8-img\" src=\"\/wp-content\/uploads\/2014\/07\/neubau-aufsetz-raffstoren.jpg\" alt=\"\" \/><\/p>\n<p><img decoding=\"async\" id=\"toldos-markisen-menu-item-9-img\" src=\"\/wp-content\/uploads\/2014\/07\/schrag-raffstore.jpg\" alt=\"\" \/><\/p>\n<p><img decoding=\"async\" id=\"toldos-markisen-menu-item-10-img\" src=\"\/wp-content\/uploads\/2014\/07\/vorbau-raffstore.jpg\" alt=\"\" \/><\/p>\n<p><img decoding=\"async\" id=\"toldos-markisen-menu-item-11-img\" src=\"\/wp-content\/uploads\/2014\/07\/windstabil.jpg\" alt=\"\" \/><\/p>\n<p><img decoding=\"async\" id=\"toldos-markisen-menu-item-12-img\" src=\"\/wp-content\/uploads\/2014\/07\/windstabil.jpg\" alt=\"\" \/><\/p>\n<\/div>\n<p><script type=\"text\/javascript\">\n$(function() {\n    $('#toldos-markisen-menu-item-1').hover(function() { \n        $('#toldos-markisen-menu-item-1-img').show(); \n    }, function() { \n        $('#toldos-markisen-menu-item-1-img').hide(); \n    });\n    $('#toldos-markisen-menu-item-2').hover(function() { \n        $('#toldos-markisen-menu-item-2-img').show(); \n    }, function() { \n        $('#toldos-markisen-menu-item-2-img').hide(); \n    });\n    $('#toldos-markisen-menu-item-3').hover(function() { \n        $('#toldos-markisen-menu-item-3-img').show(); \n    }, function() { \n        $('#toldos-markisen-menu-item-3-img').hide(); \n    });\n    $('#toldos-markisen-menu-item-4').hover(function() { \n        $('#toldos-markisen-menu-item-4-img').show(); \n    }, function() { \n        $('#toldos-markisen-menu-item-4-img').hide(); \n    });\n    $('#toldos-markisen-menu-item-5').hover(function() { \n        $('#toldos-markisen-menu-item-5-img').show(); \n    }, function() { \n        $('#toldos-markisen-menu-item-5-img').hide(); \n    });\n    $('#toldos-markisen-menu-item-6').hover(function() { \n        $('#toldos-markisen-menu-item-6-img').show(); \n    }, function() { \n        $('#toldos-markisen-menu-item-6-img').hide(); \n    });\n    $('#toldos-markisen-menu-item-7').hover(function() { \n        $('#toldos-markisen-menu-item-7-img').show(); \n    }, function() { \n        $('#toldos-markisen-menu-item-7-img').hide(); \n    });\n    $('#toldos-markisen-menu-item-8').hover(function() { \n        $('#toldos-markisen-menu-item-8-img').show(); \n    }, function() { \n        $('#toldos-markisen-menu-item-8-img').hide(); \n    });\n    $('#toldos-markisen-menu-item-9').hover(function() { \n        $('#toldos-markisen-menu-item-9-img').show(); \n    }, function() { \n        $('#toldos-markisen-menu-item-9-img').hide(); \n    });\n    $('#toldos-markisen-menu-item-10').hover(function() { \n        $('#toldos-markisen-menu-item-10-img').show(); \n    }, function() { \n        $('#toldos-markisen-menu-item-10-img').hide(); \n    });\n    $('#toldos-markisen-menu-item-11').hover(function() { \n        $('#toldos-markisen-menu-item-11-img').show(); \n    }, function() { \n        $('#toldos-markisen-menu-item-11-img').hide(); \n    });\n    $('#toldos-markisen-menu-item-12').hover(function() { \n        $('#toldos-markisen-menu-item-12-img').show(); \n    }, function() { \n        $('#toldos-markisen-menu-item-12-img').hide(); \n    });\n});\n<\/script><\/p>\n","protected":false},"excerpt":{"rendered":"<p>Raffstore &amp; Jalousien &#8211; Die idealen Schattenspender f\u00fcr jede Situation &nbsp; Da wir an der Costa del Sol \u00fcber 300 Tage Sonne haben, ben\u00f6tigt man immer das richtige Produkt um genug Schatten zu haben. Raffstore &amp; Jalousien bieten Ihnen einen individuellen Sonneschutz. &nbsp; Wir stellen Ihnen hier unser Produktsortiment vor, um f\u00fcr Ihre Situation den richtigen Schattenspender zu finden! Au\u00dfen-Jalousien Fenster-System-Raffstore FIX Lamellen-System Freitragende-Raffstore mit Abdunkelungs-Lamellen mit Flachlamellen mit<span class=\"ellipsis\">&hellip;<\/span><\/p>\n<div class=\"read-more\"><a href=\"https:\/\/grupo-aligator.com\/de\/raffstore-jalousien-marbella\/\">Read More&#8230;<\/a><\/div>\n<p><!-- end of .read-more --><\/p>\n","protected":false},"author":1,"featured_media":0,"parent":0,"menu_order":0,"comment_status":"closed","ping_status":"closed","template":"category-page.php","meta":[],"yoast_head":"<!-- This site is optimized with the Yoast SEO plugin v19.11 - https:\/\/yoast.com\/wordpress\/plugins\/seo\/ -->\n<title>Raffstore &amp; Jalousien Marbella bieten Sonnenschutz Mijas Toldos Aligator<\/title>\n<meta name=\"description\" content=\"Raffstore &amp; Jalousien Marbella bieten idealen und individuellen Sonnenschutz Mijas Toldos Aligator Raffstore und Jalousien Costa del Sol auch in Estepona...\" \/>\n<meta name=\"robots\" content=\"index, follow, max-snippet:-1, max-image-preview:large, max-video-preview:-1\" \/>\n<link rel=\"canonical\" href=\"https:\/\/grupo-aligator.com\/de\/raffstore-jalousien-marbella\/\" \/>\n<meta property=\"og:locale\" content=\"de_DE\" \/>\n<meta property=\"og:type\" content=\"article\" \/>\n<meta property=\"og:title\" content=\"Raffstore &amp; Jalousien Marbella bieten Sonnenschutz Mijas Toldos Aligator\" \/>\n<meta property=\"og:description\" content=\"Raffstore &amp; Jalousien Marbella bieten idealen und individuellen Sonnenschutz Mijas Toldos Aligator Raffstore und Jalousien Costa del Sol auch in Estepona...\" \/>\n<meta property=\"og:url\" content=\"https:\/\/grupo-aligator.com\/de\/raffstore-jalousien-marbella\/\" \/>\n<meta property=\"article:modified_time\" content=\"2019-11-21T23:38:45+00:00\" \/>\n<meta name=\"twitter:card\" content=\"summary_large_image\" \/>\n<script type=\"application\/ld+json\" class=\"yoast-schema-graph\">{\"@context\":\"https:\/\/schema.org\",\"@graph\":[{\"@type\":\"WebPage\",\"@id\":\"https:\/\/grupo-aligator.com\/de\/raffstore-jalousien-marbella\/\",\"url\":\"https:\/\/grupo-aligator.com\/de\/raffstore-jalousien-marbella\/\",\"name\":\"Raffstore & Jalousien Marbella bieten Sonnenschutz Mijas Toldos Aligator\",\"isPartOf\":{\"@id\":\"https:\/\/grupo-aligator.com\/de\/#website\"},\"datePublished\":\"2014-07-15T15:27:51+00:00\",\"dateModified\":\"2019-11-21T23:38:45+00:00\",\"description\":\"Raffstore & Jalousien Marbella bieten idealen und individuellen Sonnenschutz Mijas Toldos Aligator Raffstore und Jalousien Costa del Sol auch in Estepona...\",\"breadcrumb\":{\"@id\":\"https:\/\/grupo-aligator.com\/de\/raffstore-jalousien-marbella\/#breadcrumb\"},\"inLanguage\":\"de\",\"potentialAction\":[{\"@type\":\"ReadAction\",\"target\":[\"https:\/\/grupo-aligator.com\/de\/raffstore-jalousien-marbella\/\"]}]},{\"@type\":\"BreadcrumbList\",\"@id\":\"https:\/\/grupo-aligator.com\/de\/raffstore-jalousien-marbella\/#breadcrumb\",\"itemListElement\":[{\"@type\":\"ListItem\",\"position\":1,\"name\":\"Home\",\"item\":\"https:\/\/grupo-aligator.com\/de\/\"},{\"@type\":\"ListItem\",\"position\":2,\"name\":\"Raffstore &#038; Jalousien\"}]},{\"@type\":\"WebSite\",\"@id\":\"https:\/\/grupo-aligator.com\/de\/#website\",\"url\":\"https:\/\/grupo-aligator.com\/de\/\",\"name\":\"\",\"description\":\"\",\"publisher\":{\"@id\":\"https:\/\/grupo-aligator.com\/de\/#organization\"},\"potentialAction\":[{\"@type\":\"SearchAction\",\"target\":{\"@type\":\"EntryPoint\",\"urlTemplate\":\"https:\/\/grupo-aligator.com\/de\/?s={search_term_string}\"},\"query-input\":\"required name=search_term_string\"}],\"inLanguage\":\"de\"},{\"@type\":\"Organization\",\"@id\":\"https:\/\/grupo-aligator.com\/de\/#organization\",\"name\":\"Cristaleria Aligator S.L.\",\"url\":\"https:\/\/grupo-aligator.com\/de\/\",\"logo\":{\"@type\":\"ImageObject\",\"inLanguage\":\"de\",\"@id\":\"https:\/\/grupo-aligator.com\/de\/#\/schema\/logo\/image\/\",\"url\":\"http:\/\/grupo-aligator.com\/wp-content\/uploads\/2019\/11\/aligator-logo-de.png\",\"contentUrl\":\"http:\/\/grupo-aligator.com\/wp-content\/uploads\/2019\/11\/aligator-logo-de.png\",\"width\":150,\"height\":160,\"caption\":\"Cristaleria Aligator S.L.\"},\"image\":{\"@id\":\"https:\/\/grupo-aligator.com\/de\/#\/schema\/logo\/image\/\"}}]}<\/script>\n<!-- \/ Yoast SEO plugin. -->","yoast_head_json":{"title":"Raffstore & Jalousien Marbella bieten Sonnenschutz Mijas Toldos Aligator","description":"Raffstore & Jalousien Marbella bieten idealen und individuellen Sonnenschutz Mijas Toldos Aligator Raffstore und Jalousien Costa del Sol auch in Estepona...","robots":{"index":"index","follow":"follow","max-snippet":"max-snippet:-1","max-image-preview":"max-image-preview:large","max-video-preview":"max-video-preview:-1"},"canonical":"https:\/\/grupo-aligator.com\/de\/raffstore-jalousien-marbella\/","og_locale":"de_DE","og_type":"article","og_title":"Raffstore & Jalousien Marbella bieten Sonnenschutz Mijas Toldos Aligator","og_description":"Raffstore & Jalousien Marbella bieten idealen und individuellen Sonnenschutz Mijas Toldos Aligator Raffstore und Jalousien Costa del Sol auch in Estepona...","og_url":"https:\/\/grupo-aligator.com\/de\/raffstore-jalousien-marbella\/","article_modified_time":"2019-11-21T23:38:45+00:00","twitter_card":"summary_large_image","schema":{"@context":"https:\/\/schema.org","@graph":[{"@type":"WebPage","@id":"https:\/\/grupo-aligator.com\/de\/raffstore-jalousien-marbella\/","url":"https:\/\/grupo-aligator.com\/de\/raffstore-jalousien-marbella\/","name":"Raffstore & Jalousien Marbella bieten Sonnenschutz Mijas Toldos Aligator","isPartOf":{"@id":"https:\/\/grupo-aligator.com\/de\/#website"},"datePublished":"2014-07-15T15:27:51+00:00","dateModified":"2019-11-21T23:38:45+00:00","description":"Raffstore & Jalousien Marbella bieten idealen und individuellen Sonnenschutz Mijas Toldos Aligator Raffstore und Jalousien Costa del Sol auch in Estepona...","breadcrumb":{"@id":"https:\/\/grupo-aligator.com\/de\/raffstore-jalousien-marbella\/#breadcrumb"},"inLanguage":"de","potentialAction":[{"@type":"ReadAction","target":["https:\/\/grupo-aligator.com\/de\/raffstore-jalousien-marbella\/"]}]},{"@type":"BreadcrumbList","@id":"https:\/\/grupo-aligator.com\/de\/raffstore-jalousien-marbella\/#breadcrumb","itemListElement":[{"@type":"ListItem","position":1,"name":"Home","item":"https:\/\/grupo-aligator.com\/de\/"},{"@type":"ListItem","position":2,"name":"Raffstore &#038; Jalousien"}]},{"@type":"WebSite","@id":"https:\/\/grupo-aligator.com\/de\/#website","url":"https:\/\/grupo-aligator.com\/de\/","name":"","description":"","publisher":{"@id":"https:\/\/grupo-aligator.com\/de\/#organization"},"potentialAction":[{"@type":"SearchAction","target":{"@type":"EntryPoint","urlTemplate":"https:\/\/grupo-aligator.com\/de\/?s={search_term_string}"},"query-input":"required name=search_term_string"}],"inLanguage":"de"},{"@type":"Organization","@id":"https:\/\/grupo-aligator.com\/de\/#organization","name":"Cristaleria Aligator S.L.","url":"https:\/\/grupo-aligator.com\/de\/","logo":{"@type":"ImageObject","inLanguage":"de","@id":"https:\/\/grupo-aligator.com\/de\/#\/schema\/logo\/image\/","url":"http:\/\/grupo-aligator.com\/wp-content\/uploads\/2019\/11\/aligator-logo-de.png","contentUrl":"http:\/\/grupo-aligator.com\/wp-content\/uploads\/2019\/11\/aligator-logo-de.png","width":150,"height":160,"caption":"Cristaleria Aligator S.L."},"image":{"@id":"https:\/\/grupo-aligator.com\/de\/#\/schema\/logo\/image\/"}}]}},"_links":{"self":[{"href":"https:\/\/grupo-aligator.com\/de\/wp-json\/wp\/v2\/pages\/2260"}],"collection":[{"href":"https:\/\/grupo-aligator.com\/de\/wp-json\/wp\/v2\/pages"}],"about":[{"href":"https:\/\/grupo-aligator.com\/de\/wp-json\/wp\/v2\/types\/page"}],"author":[{"embeddable":true,"href":"https:\/\/grupo-aligator.com\/de\/wp-json\/wp\/v2\/users\/1"}],"replies":[{"embeddable":true,"href":"https:\/\/grupo-aligator.com\/de\/wp-json\/wp\/v2\/comments?post=2260"}],"version-history":[{"count":12,"href":"https:\/\/grupo-aligator.com\/de\/wp-json\/wp\/v2\/pages\/2260\/revisions"}],"predecessor-version":[{"id":7137,"href":"https:\/\/grupo-aligator.com\/de\/wp-json\/wp\/v2\/pages\/2260\/revisions\/7137"}],"wp:attachment":[{"href":"https:\/\/grupo-aligator.com\/de\/wp-json\/wp\/v2\/media?parent=2260"}],"curies":[{"name":"wp","href":"https:\/\/api.w.org\/{rel}","templated":true}]}}