{"id":1810,"date":"2014-07-15T11:13:10","date_gmt":"2014-07-15T11:13:10","guid":{"rendered":"http:\/\/aligator.cristaleria-aligator.com\/?page_id=1810"},"modified":"2014-07-21T12:42:27","modified_gmt":"2014-07-21T12:42:27","slug":"fallarm-markisen-warema","status":"publish","type":"page","link":"https:\/\/grupo-aligator.com\/de\/fallarm-markisen-warema\/","title":{"rendered":"Fallarm-Markisen Warema"},"content":{"rendered":"<div id=\"aligator-logo-de\"><\/div>\n<div class=\"toldos-top-logo\"><img decoding=\"async\" src=\"\/wp-content\/uploads\/2013\/09\/warema-logo.png\" \/><\/div>\n<div id=\"toldos-aligator-description\" class=\"small-text-description\">\n<p>Angenehmer Schatten \u2013 und trotzdem immer gen\u00fcgend Licht: Die Schr\u00e4gstellung der Fallarm-Kassettenmarkisen sorgt daf\u00fcr, dass Sie genau den richtigen Winkel treffen. Denn schlie\u00dflich gibt es nicht nur hell und dunkel, sondern auch viele Abstufungen dazwischen. Hervorragende Technik, hochwertige Materialien und erstklassige Verarbeitung machen Ihre markilux dar\u00fcber hinaus zum h\u00f6chst praktischen Schmuckst\u00fcck an der Fassade. Bei Bedarf haben Sie die M\u00f6glichkeit, jedes Fenster auch vollkommen abzudecken.<\/p>\n<\/div>\n<div id=\"toldos-menu-content\">\n<div id=\"toldos-menu-line-1\">\n<div class=\"toldos-menu\"><a href=\"http:\/\/grupo-aligator.com\/de\/fallarm-markisen-model-101\/\" id=\"toldos-fallarm-markisen-menu-item-1\">Model 101<\/a><\/div>\n<div class=\"toldos-menu\"><a href=\"http:\/\/grupo-aligator.com\/de\/fallarm-markisen-model-107\/\" id=\"toldos-fallarm-markisen-menu-item-2\">Model 107<\/a><\/div>\n<\/div>\n<div id=\"toldos-menu-line-2\">\n<div class=\"toldos-menu\"><a href=\"http:\/\/grupo-aligator.com\/de\/fallarm-markisen-model-108\/\" id=\"toldos-fallarm-markisen-menu-item-3\">Model 108<\/a><\/div>\n<div class=\"toldos-menu\"><a href=\"http:\/\/grupo-aligator.com\/de\/fallarm-markisen-model-109\/\" id=\"toldos-fallarm-markisen-menu-item-4\">Model 109<\/a><\/div>\n<\/div>\n<div id=\"toldos-menu-line-3\">\n<div class=\"toldos-menu\"><a href=\"http:\/\/grupo-aligator.com\/de\/fallarm-markisen-model-150\/\" id=\"toldos-fallarm-markisen-menu-item-5\">Model 150<\/a><\/div>\n<\/div>\n<div id=\"toldos-menu-line-4\">\n<div class=\"toldos-menu\"><a href=\"http:\/\/grupo-aligator.com\/de\/fallarm-markisen-model-310\/\" id=\"toldos-fallarm-markisen-menu-item-6\">Model 310<\/a><\/div>\n<div class=\"toldos-menu\"><a href=\"http:\/\/grupo-aligator.com\/de\/fallarm-markisen-model-314\/\" id=\"toldos-fallarm-markisen-menu-item-7\">Model 314<\/a><\/div>\n<\/div>\n<div id=\"toldos-menu-line-5\">\n<div class=\"toldos-menu\"><a href=\"http:\/\/grupo-aligator.com\/de\/fallarm-markisen-model-330\/\" id=\"toldos-fallarm-markisen-menu-item-8\">Model 330<\/a><\/div>\n<\/div>\n<div id=\"toldos-menu-line-6\">\n<div class=\"toldos-menu\"><a href=\"http:\/\/grupo-aligator.com\/de\/fallarm-markisen-model-340\/\" id=\"toldos-fallarm-markisen-menu-item-9\">Model 340<\/a><\/div>\n<div class=\"toldos-menu\"><a href=\"http:\/\/grupo-aligator.com\/de\/fallarm-markisen-model-350\/\" id=\"toldos-fallarm-markisen-menu-item-10\">Model 350<\/a><\/div>\n<\/div>\n<div id=\"toldos-menu-line-7\">\n<div class=\"toldos-menu\"><a href=\"http:\/\/grupo-aligator.com\/de\/fallarm-markisen-model-sonderausstattung-warema\/\" id=\"toldos-fallarm-markisen-menu-item-11\">Sonderausstattung<\/a><\/div>\n<\/div>\n<\/div>\n<div class=\"toldos-menu-images\">\n<p><img decoding=\"async\" id=\"toldos-fallarm-markisen-menu-item-1-img\" src=\"\/wp-content\/uploads\/2014\/07\/fallarm-markisen-warema-101.jpg\" \/><\/p>\n<p><img decoding=\"async\" id=\"toldos-fallarm-markisen-menu-item-2-img\" src=\"\/wp-content\/uploads\/2014\/07\/fallarm-markisen-warema-107.jpg\" \/><\/p>\n<p><img decoding=\"async\" id=\"toldos-fallarm-markisen-menu-item-3-img\" src=\"\/wp-content\/uploads\/2014\/07\/fallarm-markisen-warema-108.jpg\" \/><\/p>\n<p><img decoding=\"async\" id=\"toldos-fallarm-markisen-menu-item-4-img\" src=\"\/wp-content\/uploads\/2014\/07\/fallarm-markisen-warema-109.jpg\" \/><\/p>\n<p><img decoding=\"async\" id=\"toldos-fallarm-markisen-menu-item-5-img\" src=\"\/wp-content\/uploads\/2014\/07\/fallarm-markisen-warema-150.jpg\" \/><\/p>\n<p><img decoding=\"async\" id=\"toldos-fallarm-markisen-menu-item-6-img\" src=\"\/wp-content\/uploads\/2014\/07\/fallarm-markisen-warema-310.jpg\" \/><\/p>\n<p><img decoding=\"async\" id=\"toldos-fallarm-markisen-menu-item-7-img\" src=\"\/wp-content\/uploads\/2014\/07\/fallarm-markisen-warema-314.jpg\" \/><\/p>\n<p><img decoding=\"async\" id=\"toldos-fallarm-markisen-menu-item-8-img\" src=\"\/wp-content\/uploads\/2014\/07\/fallarm-markisen-warema-330.jpg\" \/><\/p>\n<p><img decoding=\"async\" id=\"toldos-fallarm-markisen-menu-item-9-img\" src=\"\/wp-content\/uploads\/2014\/07\/fallarm-markisen-warema-340.jpg\" \/><\/p>\n<p><img decoding=\"async\" id=\"toldos-fallarm-markisen-menu-item-10-img\" src=\"\/wp-content\/uploads\/2014\/07\/fallarm-markisen-warema-350.jpg\" \/><\/p>\n<p><img decoding=\"async\" id=\"toldos-fallarm-markisen-menu-item-11-img\" src=\"\/wp-content\/uploads\/2014\/07\/fallarm-markisen-warema-350.jpg\" \/><\/p>\n<\/div>\n<p><script type=\"text\/javascript\">\n$(function() {\n    $('#toldos-fallarm-markisen-menu-item-1').hover(function() { \n        $('#toldos-fallarm-markisen-menu-item-1-img').show(); \n    }, function() { \n        $('#toldos-fallarm-markisen-menu-item-1-img').hide(); \n    });\n    $('#toldos-fallarm-markisen-menu-item-2').hover(function() { \n        $('#toldos-fallarm-markisen-menu-item-2-img').show(); \n    }, function() { \n        $('#toldos-fallarm-markisen-menu-item-2-img').hide(); \n    });\n    $('#toldos-fallarm-markisen-menu-item-3').hover(function() { \n        $('#toldos-fallarm-markisen-menu-item-3-img').show(); \n    }, function() { \n        $('#toldos-fallarm-markisen-menu-item-3-img').hide(); \n    });\n    $('#toldos-fallarm-markisen-menu-item-4').hover(function() { \n        $('#toldos-fallarm-markisen-menu-item-4-img').show(); \n    }, function() { \n        $('#toldos-fallarm-markisen-menu-item-4-img').hide(); \n    });\n    $('#toldos-fallarm-markisen-menu-item-5').hover(function() { \n        $('#toldos-fallarm-markisen-menu-item-5-img').show(); \n    }, function() { \n        $('#toldos-fallarm-markisen-menu-item-5-img').hide(); \n    });\n    $('#toldos-fallarm-markisen-menu-item-6').hover(function() { \n        $('#toldos-fallarm-markisen-menu-item-6-img').show(); \n    }, function() { \n        $('#toldos-fallarm-markisen-menu-item-6-img').hide(); \n    });\n    $('#toldos-fallarm-markisen-menu-item-7').hover(function() { \n        $('#toldos-fallarm-markisen-menu-item-7-img').show(); \n    }, function() { \n        $('#toldos-fallarm-markisen-menu-item-7-img').hide(); \n    });\n    $('#toldos-fallarm-markisen-menu-item-8').hover(function() { \n        $('#toldos-fallarm-markisen-menu-item-8-img').show(); \n    }, function() { \n        $('#toldos-fallarm-markisen-menu-item-8-img').hide(); \n    });\n    $('#toldos-fallarm-markisen-menu-item-9').hover(function() { \n        $('#toldos-fallarm-markisen-menu-item-9-img').show(); \n    }, function() { \n        $('#toldos-fallarm-markisen-menu-item-9-img').hide(); \n    });\n    $('#toldos-fallarm-markisen-menu-item-10').hover(function() { \n        $('#toldos-fallarm-markisen-menu-item-10-img').show(); \n    }, function() { \n        $('#toldos-fallarm-markisen-menu-item-10-img').hide(); \n    });\n    $('#toldos-fallarm-markisen-menu-item-11').hover(function() { \n        $('#toldos-fallarm-markisen-menu-item-11-img').show(); \n    }, function() { \n        $('#toldos-fallarm-markisen-menu-item-11-img').hide(); \n    });\n});\n<\/script><\/p>\n","protected":false},"excerpt":{"rendered":"<p>Angenehmer Schatten \u2013 und trotzdem immer gen\u00fcgend Licht: Die Schr\u00e4gstellung der Fallarm-Kassettenmarkisen sorgt daf\u00fcr, dass Sie genau den richtigen Winkel treffen. Denn schlie\u00dflich gibt es nicht nur hell und dunkel, sondern auch viele Abstufungen dazwischen. Hervorragende Technik, hochwertige Materialien und erstklassige Verarbeitung machen Ihre markilux dar\u00fcber hinaus zum h\u00f6chst praktischen Schmuckst\u00fcck an der Fassade. Bei Bedarf haben Sie die M\u00f6glichkeit, jedes Fenster auch vollkommen abzudecken. Model 101 Model 107<span class=\"ellipsis\">&hellip;<\/span><\/p>\n<div class=\"read-more\"><a href=\"https:\/\/grupo-aligator.com\/de\/fallarm-markisen-warema\/\">Read More&#8230;<\/a><\/div>\n<p><!-- end of .read-more --><\/p>\n","protected":false},"author":1,"featured_media":0,"parent":0,"menu_order":0,"comment_status":"open","ping_status":"open","template":"category-page.php","meta":[],"yoast_head":"<!-- This site is optimized with the Yoast SEO plugin v19.11 - https:\/\/yoast.com\/wordpress\/plugins\/seo\/ -->\n<title>Fallarm-Markisen Warema Mijas, Tarifa, Malaga, Marbella, Torrox - Cristaleria Aligator<\/title>\n<meta name=\"description\" content=\"Fallarm-Markisen Warema Mijas, Tarifa, Malaga, Marbella, Torrox - Cristaleria Aligator Wintergarten und Terrassenverglasung auch in Sotogrande Costa del Sol\" \/>\n<meta name=\"robots\" content=\"index, follow, max-snippet:-1, max-image-preview:large, max-video-preview:-1\" \/>\n<link rel=\"canonical\" href=\"https:\/\/grupo-aligator.com\/de\/fallarm-markisen-warema\/\" \/>\n<meta property=\"og:locale\" content=\"de_DE\" \/>\n<meta property=\"og:type\" content=\"article\" \/>\n<meta property=\"og:title\" content=\"Fallarm-Markisen Warema Mijas, Tarifa, Malaga, Marbella, Torrox - Cristaleria Aligator\" \/>\n<meta property=\"og:description\" content=\"Fallarm-Markisen Warema Mijas, Tarifa, Malaga, Marbella, Torrox - Cristaleria Aligator Wintergarten und Terrassenverglasung auch in Sotogrande Costa del Sol\" \/>\n<meta property=\"og:url\" content=\"https:\/\/grupo-aligator.com\/de\/fallarm-markisen-warema\/\" \/>\n<meta property=\"article:modified_time\" content=\"2014-07-21T12:42:27+00:00\" \/>\n<meta name=\"twitter:card\" content=\"summary_large_image\" \/>\n<script type=\"application\/ld+json\" class=\"yoast-schema-graph\">{\"@context\":\"https:\/\/schema.org\",\"@graph\":[{\"@type\":\"WebPage\",\"@id\":\"https:\/\/grupo-aligator.com\/de\/fallarm-markisen-warema\/\",\"url\":\"https:\/\/grupo-aligator.com\/de\/fallarm-markisen-warema\/\",\"name\":\"Fallarm-Markisen Warema Mijas, Tarifa, Malaga, Marbella, Torrox - Cristaleria Aligator\",\"isPartOf\":{\"@id\":\"https:\/\/grupo-aligator.com\/de\/#website\"},\"datePublished\":\"2014-07-15T11:13:10+00:00\",\"dateModified\":\"2014-07-21T12:42:27+00:00\",\"description\":\"Fallarm-Markisen Warema Mijas, Tarifa, Malaga, Marbella, Torrox - Cristaleria Aligator Wintergarten und Terrassenverglasung auch in Sotogrande Costa del Sol\",\"breadcrumb\":{\"@id\":\"https:\/\/grupo-aligator.com\/de\/fallarm-markisen-warema\/#breadcrumb\"},\"inLanguage\":\"de\",\"potentialAction\":[{\"@type\":\"ReadAction\",\"target\":[\"https:\/\/grupo-aligator.com\/de\/fallarm-markisen-warema\/\"]}]},{\"@type\":\"BreadcrumbList\",\"@id\":\"https:\/\/grupo-aligator.com\/de\/fallarm-markisen-warema\/#breadcrumb\",\"itemListElement\":[{\"@type\":\"ListItem\",\"position\":1,\"name\":\"Home\",\"item\":\"https:\/\/grupo-aligator.com\/de\/\"},{\"@type\":\"ListItem\",\"position\":2,\"name\":\"Fallarm-Markisen Warema\"}]},{\"@type\":\"WebSite\",\"@id\":\"https:\/\/grupo-aligator.com\/de\/#website\",\"url\":\"https:\/\/grupo-aligator.com\/de\/\",\"name\":\"\",\"description\":\"\",\"publisher\":{\"@id\":\"https:\/\/grupo-aligator.com\/de\/#organization\"},\"potentialAction\":[{\"@type\":\"SearchAction\",\"target\":{\"@type\":\"EntryPoint\",\"urlTemplate\":\"https:\/\/grupo-aligator.com\/de\/?s={search_term_string}\"},\"query-input\":\"required name=search_term_string\"}],\"inLanguage\":\"de\"},{\"@type\":\"Organization\",\"@id\":\"https:\/\/grupo-aligator.com\/de\/#organization\",\"name\":\"Cristaleria Aligator S.L.\",\"url\":\"https:\/\/grupo-aligator.com\/de\/\",\"logo\":{\"@type\":\"ImageObject\",\"inLanguage\":\"de\",\"@id\":\"https:\/\/grupo-aligator.com\/de\/#\/schema\/logo\/image\/\",\"url\":\"http:\/\/grupo-aligator.com\/wp-content\/uploads\/2019\/11\/aligator-logo-de.png\",\"contentUrl\":\"http:\/\/grupo-aligator.com\/wp-content\/uploads\/2019\/11\/aligator-logo-de.png\",\"width\":150,\"height\":160,\"caption\":\"Cristaleria Aligator S.L.\"},\"image\":{\"@id\":\"https:\/\/grupo-aligator.com\/de\/#\/schema\/logo\/image\/\"}}]}<\/script>\n<!-- \/ Yoast SEO plugin. -->","yoast_head_json":{"title":"Fallarm-Markisen Warema Mijas, Tarifa, Malaga, Marbella, Torrox - Cristaleria Aligator","description":"Fallarm-Markisen Warema Mijas, Tarifa, Malaga, Marbella, Torrox - Cristaleria Aligator Wintergarten und Terrassenverglasung auch in Sotogrande Costa del Sol","robots":{"index":"index","follow":"follow","max-snippet":"max-snippet:-1","max-image-preview":"max-image-preview:large","max-video-preview":"max-video-preview:-1"},"canonical":"https:\/\/grupo-aligator.com\/de\/fallarm-markisen-warema\/","og_locale":"de_DE","og_type":"article","og_title":"Fallarm-Markisen Warema Mijas, Tarifa, Malaga, Marbella, Torrox - Cristaleria Aligator","og_description":"Fallarm-Markisen Warema Mijas, Tarifa, Malaga, Marbella, Torrox - Cristaleria Aligator Wintergarten und Terrassenverglasung auch in Sotogrande Costa del Sol","og_url":"https:\/\/grupo-aligator.com\/de\/fallarm-markisen-warema\/","article_modified_time":"2014-07-21T12:42:27+00:00","twitter_card":"summary_large_image","schema":{"@context":"https:\/\/schema.org","@graph":[{"@type":"WebPage","@id":"https:\/\/grupo-aligator.com\/de\/fallarm-markisen-warema\/","url":"https:\/\/grupo-aligator.com\/de\/fallarm-markisen-warema\/","name":"Fallarm-Markisen Warema Mijas, Tarifa, Malaga, Marbella, Torrox - Cristaleria Aligator","isPartOf":{"@id":"https:\/\/grupo-aligator.com\/de\/#website"},"datePublished":"2014-07-15T11:13:10+00:00","dateModified":"2014-07-21T12:42:27+00:00","description":"Fallarm-Markisen Warema Mijas, Tarifa, Malaga, Marbella, Torrox - Cristaleria Aligator Wintergarten und Terrassenverglasung auch in Sotogrande Costa del Sol","breadcrumb":{"@id":"https:\/\/grupo-aligator.com\/de\/fallarm-markisen-warema\/#breadcrumb"},"inLanguage":"de","potentialAction":[{"@type":"ReadAction","target":["https:\/\/grupo-aligator.com\/de\/fallarm-markisen-warema\/"]}]},{"@type":"BreadcrumbList","@id":"https:\/\/grupo-aligator.com\/de\/fallarm-markisen-warema\/#breadcrumb","itemListElement":[{"@type":"ListItem","position":1,"name":"Home","item":"https:\/\/grupo-aligator.com\/de\/"},{"@type":"ListItem","position":2,"name":"Fallarm-Markisen Warema"}]},{"@type":"WebSite","@id":"https:\/\/grupo-aligator.com\/de\/#website","url":"https:\/\/grupo-aligator.com\/de\/","name":"","description":"","publisher":{"@id":"https:\/\/grupo-aligator.com\/de\/#organization"},"potentialAction":[{"@type":"SearchAction","target":{"@type":"EntryPoint","urlTemplate":"https:\/\/grupo-aligator.com\/de\/?s={search_term_string}"},"query-input":"required name=search_term_string"}],"inLanguage":"de"},{"@type":"Organization","@id":"https:\/\/grupo-aligator.com\/de\/#organization","name":"Cristaleria Aligator S.L.","url":"https:\/\/grupo-aligator.com\/de\/","logo":{"@type":"ImageObject","inLanguage":"de","@id":"https:\/\/grupo-aligator.com\/de\/#\/schema\/logo\/image\/","url":"http:\/\/grupo-aligator.com\/wp-content\/uploads\/2019\/11\/aligator-logo-de.png","contentUrl":"http:\/\/grupo-aligator.com\/wp-content\/uploads\/2019\/11\/aligator-logo-de.png","width":150,"height":160,"caption":"Cristaleria Aligator S.L."},"image":{"@id":"https:\/\/grupo-aligator.com\/de\/#\/schema\/logo\/image\/"}}]}},"_links":{"self":[{"href":"https:\/\/grupo-aligator.com\/de\/wp-json\/wp\/v2\/pages\/1810"}],"collection":[{"href":"https:\/\/grupo-aligator.com\/de\/wp-json\/wp\/v2\/pages"}],"about":[{"href":"https:\/\/grupo-aligator.com\/de\/wp-json\/wp\/v2\/types\/page"}],"author":[{"embeddable":true,"href":"https:\/\/grupo-aligator.com\/de\/wp-json\/wp\/v2\/users\/1"}],"replies":[{"embeddable":true,"href":"https:\/\/grupo-aligator.com\/de\/wp-json\/wp\/v2\/comments?post=1810"}],"version-history":[{"count":4,"href":"https:\/\/grupo-aligator.com\/de\/wp-json\/wp\/v2\/pages\/1810\/revisions"}],"predecessor-version":[{"id":2778,"href":"https:\/\/grupo-aligator.com\/de\/wp-json\/wp\/v2\/pages\/1810\/revisions\/2778"}],"wp:attachment":[{"href":"https:\/\/grupo-aligator.com\/de\/wp-json\/wp\/v2\/media?parent=1810"}],"curies":[{"name":"wp","href":"https:\/\/api.w.org\/{rel}","templated":true}]}}